{"id":592,"date":"2025-09-20T11:04:40","date_gmt":"2025-09-20T09:04:40","guid":{"rendered":"https:\/\/automos.at\/datenschutzerklaerung-eu\/"},"modified":"2025-09-20T11:04:40","modified_gmt":"2025-09-20T09:04:40","slug":"datenschutzerklaerung-eu","status":"publish","type":"page","link":"https:\/\/automos.at\/hu\/datenschutzerklaerung-eu\/","title":{"rendered":"Datenschutzerkl\u00e4rung (EU)"},"content":{"rendered":"<!-- Legal document generated by Complianz | GDPR\/CCPA Cookie Consent https:\/\/wordpress.org\/plugins\/complianz-gdpr -->\n<div id=\"cmplz-document\" class=\"cmplz-document privacy-statement cmplz-document-eu\"><p><i>This privacy statement was last updated on okt\u00f3ber 18, 2025 and applies to citizens and legal permanent residents of the European Economic Area and Switzerland.<\/i><br \/><br \/><\/p><p><p>Ebben az adatv\u00e9delmi nyilatkozatban elmagyar\u00e1zzuk, hogy mit tesz\u00fcnk az \u00d6nr\u0151l gy\u0171jt\u00f6tt adatokkal. <a href=\"https:\/\/automos.at\/hu\">https:\/\/automos.at\/hu<\/a>. Javasoljuk, hogy figyelmesen olvassa el ezt a nyilatkozatot. Feldolgoz\u00e1sunk sor\u00e1n betartjuk az adatv\u00e9delmi jogszab\u00e1lyok k\u00f6vetelm\u00e9nyeit. Ez t\u00f6bbek k\u00f6z\u00f6tt azt jelenti, hogy:<\/p><ul>\n                <li>egy\u00e9rtelm\u0171en megfogalmazzuk a szem\u00e9lyes adatok feldolgoz\u00e1s\u00e1nak c\u00e9ljait. Ezt a jelen adatv\u00e9delmi nyilatkozatban tessz\u00fck meg;<\/li>\n                <li>c\u00e9lunk, hogy szem\u00e9lyes adatainak gy\u0171jt\u00e9s\u00e9t kiz\u00e1r\u00f3lag a t\u00f6rv\u00e9nyes c\u00e9lokhoz sz\u00fcks\u00e9ges szem\u00e9lyes adatokra korl\u00e1tozzuk;<\/li>\n                <li>el\u0151sz\u00f6r kifejezett hozz\u00e1j\u00e1rul\u00e1s\u00e1t k\u00e9rj\u00fck szem\u00e9lyes adatainak feldolgoz\u00e1s\u00e1hoz azokban az esetekben, amikor az \u00d6n hozz\u00e1j\u00e1rul\u00e1sa sz\u00fcks\u00e9ges;<\/li>\n                <li>megfelel\u0151 biztons\u00e1gi int\u00e9zked\u00e9seket hozunk szem\u00e9lyes adatainak v\u00e9delme \u00e9rdek\u00e9ben, \u00e9s ezt megk\u00f6vetelj\u00fck azokt\u00f3l is, akik szem\u00e9lyes adatokat kezelnek a nev\u00fcnkben;<\/li>\n                <li>Tiszteletben tartjuk az \u00d6n jog\u00e1t, hogy k\u00e9r\u00e9s\u00e9re hozz\u00e1f\u00e9rjen szem\u00e9lyes adataihoz, vagy azokat kijav\u00edttassa vagy t\u00f6r\u00f6ltesse.<\/li>\n            <\/ul><p>Ha b\u00e1rmilyen k\u00e9rd\u00e9se van, vagy pontosan szeretn\u00e9 tudni, hogy milyen adatokat t\u00e1rolunk \u00d6nr\u0151l, k\u00e9rj\u00fck, vegye fel vel\u00fcnk a kapcsolatot.<\/p><\/p><h2>1. C\u00e9l, adatok \u00e9s meg\u0151rz\u00e9si id\u0151<\/h2>\u00dczleti tev\u00e9kenys\u00e9g\u00fcnkkel kapcsolatos sz\u00e1mos c\u00e9lb\u00f3l gy\u0171jthet\u00fcnk vagy kaphatunk szem\u00e9lyes adatokat, amelyek a k\u00f6vetkez\u0151ket tartalmazhatj\u00e1k: (kattintson a kibont\u00e1shoz)<details class=\"cmplz-dropdown dropdown-privacy-statement\"><summary><div><h3>1.1 Kapcsolatfelv\u00e9tel \u2013 Telefonon, postai \u00faton, e-mailben \u00e9s\/vagy webes \u0171rlapokon kereszt\u00fcl<\/h3><\/div><\/summary><p class=\"cmplz-subtitle\">Ehhez a k\u00f6vetkez\u0151 adatokat haszn\u00e1ljuk:<\/p><p><ul><li>Keresztn\u00e9v \u00e9s vezet\u00e9kn\u00e9v<\/li><li>Egy e-mail c\u00edm<\/li><li>Egy telefonsz\u00e1m<\/li><\/ul><\/p><p class=\"cmplz-subtitle\">Ezen adatok feldolgoz\u00e1s\u00e1nak alapja:<\/p><p><a target=\"_blank\" rel=\"noopener noreferrer nofollow\" href=\"https:\/\/cookiedatabase.org\/legal-bases\/#consent\">A hozz\u00e1j\u00e1rul\u00e1s megad\u00e1s\u00e1t k\u00f6vet\u0151en.<\/a><\/p><p class=\"cmplz-subtitle\">Megtart\u00e1si id\u0151<\/p><p>A szolg\u00e1ltat\u00e1s megsz\u0171n\u00e9s\u00e9t k\u00f6vet\u0151en ezeket az adatokat a k\u00f6vetkez\u0151 h\u00f3napok sz\u00e1m\u00e1val t\u00e1roljuk: 36<\/p><\/details><h2>2. Cookie-k<\/h2><p>Weboldalunk cookie-kat haszn\u00e1l. A cookie-kr\u00f3l tov\u00e1bbi inform\u00e1ci\u00f3kat a <a href=\"https:\/\/automos.at\/hu\/cookie-richtlinie-eu\/\">S\u00fctikre vonatkoz\u00f3 szab\u00e1lyzat<\/a>.&nbsp;<\/p><h2>3. K\u00f6zz\u00e9t\u00e9teli gyakorlatok<\/h2><p><p>Szem\u00e9lyes adatokat akkor adunk ki, ha azt t\u00f6rv\u00e9ny vagy b\u00edr\u00f3s\u00e1gi v\u00e9gz\u00e9s el\u0151\u00edrja, ha b\u0171n\u00fcld\u00f6z\u0151 szervek k\u00e9rik, ha m\u00e1s jogszab\u00e1lyok ezt megengedik, ha inform\u00e1ci\u00f3t kell szolg\u00e1ltatnunk, vagy ha k\u00f6zbiztons\u00e1ggal kapcsolatos \u00fcgyben nyomoz\u00e1s folyik.<\/p><p>Ha weboldalunkat vagy szervezet\u00fcnket \u00e1tveszik, eladj\u00e1k, vagy f\u00fazi\u00f3ba vagy felv\u00e1s\u00e1rl\u00e1sba keveredik, adatait k\u00f6z\u00f6lhetj\u00fck tan\u00e1csad\u00f3inkkal \u00e9s potenci\u00e1lis v\u00e1s\u00e1rl\u00f3kkal, \u00e9s tov\u00e1bbadjuk az \u00faj tulajdonosoknak.<\/p><\/p><h2>4. Biztons\u00e1g<\/h2><p>Elk\u00f6telezettek vagyunk a szem\u00e9lyes adatok biztons\u00e1ga ir\u00e1nt. Megfelel\u0151 biztons\u00e1gi int\u00e9zked\u00e9seket hozunk a szem\u00e9lyes adatokkal val\u00f3 vissza\u00e9l\u00e9sek \u00e9s a jogosulatlan hozz\u00e1f\u00e9r\u00e9s korl\u00e1toz\u00e1sa \u00e9rdek\u00e9ben. Ez biztos\u00edtja, hogy csak a sz\u00fcks\u00e9ges szem\u00e9lyek f\u00e9rjenek hozz\u00e1 az \u00d6n adataihoz, hogy az adatokhoz val\u00f3 hozz\u00e1f\u00e9r\u00e9s v\u00e9dett legyen, \u00e9s hogy biztons\u00e1gi int\u00e9zked\u00e9seinket rendszeresen fel\u00fclvizsg\u00e1ljuk.<\/p><h2>5. Harmadik felek weboldalai<\/h2><p>Ez az adatv\u00e9delmi nyilatkozat nem vonatkozik a weboldalunkon tal\u00e1lhat\u00f3 linkekkel \u00f6sszekapcsolt harmadik f\u00e9l weboldalaira. Nem garant\u00e1lhatjuk, hogy ezek a harmadik felek megb\u00edzhat\u00f3an \u00e9s biztons\u00e1gosan kezelik az \u00d6n szem\u00e9lyes adatait. Javasoljuk, hogy miel\u0151tt ezeket a weboldalakat haszn\u00e1ln\u00e1, olvassa el azok adatv\u00e9delmi nyilatkozatait.<\/p><h2>6. A jelen adatv\u00e9delmi nyilatkozat m\u00f3dos\u00edt\u00e1sai<\/h2><p>Fenntartjuk a jogot, hogy m\u00f3dos\u00edtsuk ezt az adatv\u00e9delmi nyilatkozatot. Javasoljuk, hogy rendszeresen olvassa el ezt az adatv\u00e9delmi nyilatkozatot, hogy tiszt\u00e1ban legyen az esetleges v\u00e1ltoz\u00e1sokkal. Ezen fel\u00fcl, amennyiben lehets\u00e9ges, akt\u00edvan t\u00e1j\u00e9koztatni fogjuk \u00d6nt.<\/p><h2>7. Adataihoz val\u00f3 hozz\u00e1f\u00e9r\u00e9s \u00e9s azok m\u00f3dos\u00edt\u00e1sa<\/h2><p>Ha b\u00e1rmilyen k\u00e9rd\u00e9se van, vagy szeretn\u00e9 tudni, hogy milyen szem\u00e9lyes adatait t\u00e1roljuk \u00d6nr\u0151l, k\u00e9rj\u00fck, vegye fel vel\u00fcnk a kapcsolatot. Az al\u00e1bbi el\u00e9rhet\u0151s\u00e9geken kereszt\u00fcl l\u00e9phet kapcsolatba vel\u00fcnk. Az al\u00e1bbi jogok illetik meg \u00d6nt:<\/p><ul>\n                <li>\u00d6nnek joga van tudni, hogy mi\u00e9rt van sz\u00fcks\u00e9g az \u00d6n szem\u00e9lyes adataira, mi t\u00f6rt\u00e9nik vel\u00fck, \u00e9s mennyi ideig t\u00e1rolj\u00e1k \u0151ket.<\/li>\n                <li>Hozz\u00e1f\u00e9r\u00e9s joga: \u00d6nnek joga van hozz\u00e1f\u00e9rni az \u00e1ltalunk ismert szem\u00e9lyes adataihoz.<\/li>\n                <li>Jog a helyesb\u00edt\u00e9sre: \u00d6nnek joga van szem\u00e9lyes adatait kieg\u00e9sz\u00edteni, helyesb\u00edteni, t\u00f6r\u00f6ltetni vagy letiltani, amikor csak k\u00edv\u00e1nja.<\/li>\n                <li>Ha hozz\u00e1j\u00e1rul adatainak feldolgoz\u00e1s\u00e1hoz, joga van ezt a hozz\u00e1j\u00e1rul\u00e1st visszavonni \u00e9s szem\u00e9lyes adatait t\u00f6r\u00f6ltetni.<\/li>\n                <li>Adatai \u00e1tvitel\u00e9nek joga: \u00d6nnek joga van az adatkezel\u0151t\u0151l az \u00f6sszes szem\u00e9lyes adat\u00e1t k\u00e9rni \u00e9s azokat teljes eg\u00e9sz\u00e9ben egy m\u00e1sik adatkezel\u0151nek \u00e1tadni.<\/li>\n                <li>Tiltakoz\u00e1si jog: tiltakozhat adatai feldolgoz\u00e1sa ellen. Ezt tiszteletben tartjuk, kiv\u00e9ve, ha a feldolgoz\u00e1snak indokolt okai vannak.<\/li>\n            <\/ul><p>K\u00e9rj\u00fck, mindig egy\u00e9rtelm\u0171en jelezze, ki \u00d6n, hogy biztosak lehess\u00fcnk abban, hogy nem m\u00f3dos\u00edtunk vagy t\u00f6rl\u00fcnk olyan adatokat, amelyek nem a megfelel\u0151 szem\u00e9lyre vonatkoznak.<\/p><h2>8. Panasz beny\u00fajt\u00e1sa<\/h2><p>Ha nem el\u00e9gedett azzal, ahogyan kezelj\u00fck (panasz\u00e1t) szem\u00e9lyes adatainak feldolgoz\u00e1s\u00e1val kapcsolatban, joga van panaszt beny\u00fajtani az Adatv\u00e9delmi Hat\u00f3s\u00e1ghoz.<\/p><h2>9. Kapcsolattart\u00e1si adatok<\/h2><p>Lehel Attila J\u00e1ger-Pataki<br \/>\n        Mautner-Markhof utca 4. Stg. 1A Top 25<br \/>\n        Ausztria<br \/>\n        Weboldal: <a href=\"https:\/\/automos.at\/hu\">https:\/\/automos.at\/hu<\/a> <br \/>\n        E-mail: <span class=\"cmplz-obfuscate\">a&#110;&#102;&#114;&#097;g&#101;@<span class=\"cmplz-fmail-domain\">ex.com<\/span>&#097;u&#116;&#111;m&#111;s&#046;&#097;&#116;<\/span> <br \/>\n        Telefonsz\u00e1m: 068110239761<\/p><\/div>","protected":false},"excerpt":{"rendered":"","protected":false},"author":1,"featured_media":0,"parent":0,"menu_order":0,"comment_status":"closed","ping_status":"closed","template":"","meta":{"footnotes":""},"class_list":["post-592","page","type-page","status-publish","hentry"],"_links":{"self":[{"href":"https:\/\/automos.at\/hu\/wp-json\/wp\/v2\/pages\/592","targetHints":{"allow":["GET"]}}],"collection":[{"href":"https:\/\/automos.at\/hu\/wp-json\/wp\/v2\/pages"}],"about":[{"href":"https:\/\/automos.at\/hu\/wp-json\/wp\/v2\/types\/page"}],"author":[{"embeddable":true,"href":"https:\/\/automos.at\/hu\/wp-json\/wp\/v2\/users\/1"}],"replies":[{"embeddable":true,"href":"https:\/\/automos.at\/hu\/wp-json\/wp\/v2\/comments?post=592"}],"version-history":[{"count":0,"href":"https:\/\/automos.at\/hu\/wp-json\/wp\/v2\/pages\/592\/revisions"}],"wp:attachment":[{"href":"https:\/\/automos.at\/hu\/wp-json\/wp\/v2\/media?parent=592"}],"curies":[{"name":"wp","href":"https:\/\/api.w.org\/{rel}","templated":true}]}}